{"id":24,"date":"2025-05-20T10:20:39","date_gmt":"2025-05-20T08:20:39","guid":{"rendered":"https:\/\/bpcmecanique.com\/?page_id=24"},"modified":"2025-09-22T09:35:20","modified_gmt":"2025-09-22T07:35:20","slug":"occasion","status":"publish","type":"page","link":"https:\/\/bpcmecanique.com\/index.php\/occasion\/","title":{"rendered":"Occasion"},"content":{"rendered":"\n<figure class=\"wp-block-video\">\n<figcaption><h1 style=\"font-size:90px;margin-top:-1em;\">Vente de voiture d&rsquo;occasion<\/h1><h2 style=\"max-width:1050px;\">Voiture garantie 1 an (extension de garantie jusqu&rsquo;\u00e0 5 ans)\n<\/h2><\/figcaption>\n<video control=\"false\" autoplay=1 loop=1 src=\"https:\/\/bpcmecanique.com\/wp-content\/themes\/flash\/images\/bpc_carrosserie_saintalbandemontbel_video_05\"><\/video><\/figure>\n\n\n\n<div class=\"whiteback\">\n\n\n\n<div class=\"parallax_scroll backpictoright\" style=\"margin-top:-20%;\"><img decoding=\"async\" src=\"https:\/\/bpcmecanique.com\/wp-content\/themes\/flash\/images\/bpc_carrosserie_saintalbandemontbel_picto-service-occasion-back.png\"><\/div>\n\n\n\n<h3 class=\"wp-block-heading has-text-align-center\">Vente de voiture d&rsquo;occasion chez BPC Garage \u00e0 Saint-Alban-de-Montbel<\/h3>\n\n\n\n<h4 class=\"wp-block-heading has-text-align-center\">Voiture garantie 1 an (extension de garantie jusqu&rsquo;\u00e0 5 ans)<\/h4>\n\n\n\n<div style=\"height:20px\" aria-hidden=\"true\" class=\"wp-block-spacer\"><\/div>\n\n\n\n<p class=\"has-text-align-center\">Pour toute voiture achet\u00e9e chez BPC Garage nous vous offrons les frais administratifs pour la cr\u00e9ation de votre carte grise.<\/p>\n\n\n\n<div class=\"wp-block-columns is-layout-flex wp-container-core-columns-is-layout-9d6595d7 wp-block-columns-is-layout-flex\">\n<div class=\"wp-block-column is-layout-flow wp-block-column-is-layout-flow\">\n<figure class=\"wp-block-image size-full\"><img fetchpriority=\"high\" decoding=\"async\" width=\"1920\" height=\"2560\" src=\"http:\/\/bpcmecanique.com\/wp-content\/uploads\/2025\/09\/IMG_9607-scaled.jpg\" alt=\"\" class=\"wp-image-1701\" srcset=\"https:\/\/bpcmecanique.com\/wp-content\/uploads\/2025\/09\/IMG_9607-scaled.jpg 1920w, https:\/\/bpcmecanique.com\/wp-content\/uploads\/2025\/09\/IMG_9607-225x300.jpg 225w, https:\/\/bpcmecanique.com\/wp-content\/uploads\/2025\/09\/IMG_9607-768x1024.jpg 768w, https:\/\/bpcmecanique.com\/wp-content\/uploads\/2025\/09\/IMG_9607-1152x1536.jpg 1152w, https:\/\/bpcmecanique.com\/wp-content\/uploads\/2025\/09\/IMG_9607-1536x2048.jpg 1536w\" sizes=\"(max-width: 1920px) 100vw, 1920px\" \/><\/figure>\n<\/div>\n\n\n\n<div class=\"wp-block-column is-layout-flow wp-block-column-is-layout-flow\">\n<h6 class=\"wp-block-heading\">VOLVO V40 | 2014 | Gazole | 175 131 km | 8 490 \u20ac<\/h6>\n\n\n\n<p><strong>Marque :<\/strong> VOLVO<br><strong>Mod\u00e8le :<\/strong> V40<br><strong>G\u00e9n\u00e9ration : <\/strong>2014<br><strong>Cat\u00e9gorie :<\/strong> Berline<br><strong>Portes :<\/strong> 5<br><strong>Cylindr\u00e9e :<\/strong> 1.6 litres<br><strong>Puissance :<\/strong> 114 cv<br><strong>Puiss. fiscale :<\/strong> 5 cv<br><strong>Carburant : <\/strong>Gazole<br><strong>Transmission : <\/strong>Manuelle<br><strong>Places assises : <\/strong>5 places<br><strong>Roues motrices :<\/strong> AV<br><strong>Couleur ext : <\/strong>Blanc<\/p>\n\n\n\n<div class=\"wp-block-file\"><a href=\"https:\/\/bpcmecanique.com\/wp-content\/uploads\/2025\/06\/annonce_vente_voiture_BPC_garage_01.pdf\" class=\"wp-block-file__button wp-element-button\" download>T\u00e9l\u00e9charger la fiche technique<\/a><\/div>\n<\/div>\n<\/div>\n\n\n\n<div style=\"height:40px\" aria-hidden=\"true\" class=\"wp-block-spacer\"><\/div>\n\n\n\n<div class=\"wp-block-columns is-layout-flex wp-container-core-columns-is-layout-9d6595d7 wp-block-columns-is-layout-flex\">\n<div class=\"wp-block-column is-layout-flow wp-block-column-is-layout-flow\">\n<figure class=\"wp-block-image size-full\"><img decoding=\"async\" width=\"1920\" height=\"2560\" src=\"http:\/\/bpcmecanique.com\/wp-content\/uploads\/2025\/09\/IMG_9605-scaled.jpg\" alt=\"\" class=\"wp-image-1702\" srcset=\"https:\/\/bpcmecanique.com\/wp-content\/uploads\/2025\/09\/IMG_9605-scaled.jpg 1920w, https:\/\/bpcmecanique.com\/wp-content\/uploads\/2025\/09\/IMG_9605-225x300.jpg 225w, https:\/\/bpcmecanique.com\/wp-content\/uploads\/2025\/09\/IMG_9605-768x1024.jpg 768w, https:\/\/bpcmecanique.com\/wp-content\/uploads\/2025\/09\/IMG_9605-1152x1536.jpg 1152w, https:\/\/bpcmecanique.com\/wp-content\/uploads\/2025\/09\/IMG_9605-1536x2048.jpg 1536w\" sizes=\"(max-width: 1920px) 100vw, 1920px\" \/><\/figure>\n<\/div>\n\n\n\n<div class=\"wp-block-column is-layout-flow wp-block-column-is-layout-flow\">\n<h6 class=\"wp-block-heading\">CITROEN DS3 | 2012 | Essence | 140 646 km | 6 300 \u20ac<\/h6>\n\n\n\n<p><strong>Marque :<\/strong> CITROEN<br><strong>Mod\u00e8le :<\/strong> DS3<br><strong>G\u00e9n\u00e9ration : <\/strong>2012<br><strong>Cat\u00e9gorie :<\/strong> Berline<br><strong>Portes :<\/strong> 5<br><strong>Cylindr\u00e9e :<\/strong> 1.6 litres<br><strong>Puissance :<\/strong> 156 cv<br><strong>Puiss. fiscale :<\/strong> 9 cv<br><strong>Carburant : <\/strong>Essence<br><strong>Transmission : <\/strong>Manuelle<br><strong>Places assises : <\/strong>5 places<br><strong>Roues motrices :<\/strong> AV<br><strong>Couleur ext : <\/strong>Noir<\/p>\n\n\n\n<div class=\"wp-block-file\"><a href=\"https:\/\/bpcmecanique.com\/wp-content\/uploads\/2025\/06\/annonce_vente_voiture_BPC_garage_02.pdf\" class=\"wp-block-file__button wp-element-button\" download>T\u00e9l\u00e9charger la fiche technique<\/a><\/div>\n<\/div>\n<\/div>\n\n\n\n<div style=\"height:40px\" aria-hidden=\"true\" class=\"wp-block-spacer\"><\/div>\n\n\n\n<div class=\"wp-block-columns is-layout-flex wp-container-core-columns-is-layout-9d6595d7 wp-block-columns-is-layout-flex\">\n<div class=\"wp-block-column is-layout-flow wp-block-column-is-layout-flow\">\n<figure class=\"wp-block-image size-full\"><img decoding=\"async\" width=\"1920\" height=\"2560\" src=\"http:\/\/bpcmecanique.com\/wp-content\/uploads\/2025\/09\/IMG_9606-scaled.jpg\" alt=\"\" class=\"wp-image-1708\" srcset=\"https:\/\/bpcmecanique.com\/wp-content\/uploads\/2025\/09\/IMG_9606-scaled.jpg 1920w, https:\/\/bpcmecanique.com\/wp-content\/uploads\/2025\/09\/IMG_9606-225x300.jpg 225w, https:\/\/bpcmecanique.com\/wp-content\/uploads\/2025\/09\/IMG_9606-768x1024.jpg 768w, https:\/\/bpcmecanique.com\/wp-content\/uploads\/2025\/09\/IMG_9606-1152x1536.jpg 1152w, https:\/\/bpcmecanique.com\/wp-content\/uploads\/2025\/09\/IMG_9606-1536x2048.jpg 1536w\" sizes=\"(max-width: 1920px) 100vw, 1920px\" \/><\/figure>\n<\/div>\n\n\n\n<div class=\"wp-block-column is-layout-flow wp-block-column-is-layout-flow\">\n<h6 class=\"wp-block-heading\">CITROEN C4 | 2013 | Gazole | 235 272 km | 4 800 \u20ac<\/h6>\n\n\n\n<p><strong>Marque :<\/strong> CITROEN<br><strong>Mod\u00e8le :<\/strong> C4<br><strong>G\u00e9n\u00e9ration : <\/strong>2013<br><strong>Cat\u00e9gorie :<\/strong> Berline<br><strong>Portes :<\/strong> 5<br><strong>Cylindr\u00e9e :<\/strong> 1.6 litres<br><strong>Puissance :<\/strong> 92 cv<br><strong>Puiss. fiscale :<\/strong> 5 cv<br><strong>Carburant : <\/strong>Gazole<br><strong>Transmission : <\/strong>Manuelle<br><strong>Places assises : <\/strong>5 places<br><strong>Roues motrices :<\/strong> AV<br><strong>Couleur ext : <\/strong>Gris clair<\/p>\n\n\n\n<div class=\"wp-block-file\"><a href=\"http:\/\/bpcmecanique.com\/wp-content\/uploads\/2025\/06\/annonce_vente_voiture_BPC_garage_03.pdf\" class=\"wp-block-file__button wp-element-button\" download>T\u00e9l\u00e9charger la fiche technique<\/a><\/div>\n<\/div>\n<\/div>\n\n\n\n<div style=\"height:40px\" aria-hidden=\"true\" class=\"wp-block-spacer\"><\/div>\n\n\n\n<div class=\"wp-block-columns is-layout-flex wp-container-core-columns-is-layout-9d6595d7 wp-block-columns-is-layout-flex\">\n<div class=\"wp-block-column is-layout-flow wp-block-column-is-layout-flow\">\n<figure class=\"wp-block-image size-full\"><img loading=\"lazy\" decoding=\"async\" width=\"1920\" height=\"2560\" src=\"http:\/\/bpcmecanique.com\/wp-content\/uploads\/2025\/09\/IMG_9609-scaled.jpg\" alt=\"\" class=\"wp-image-1703\" srcset=\"https:\/\/bpcmecanique.com\/wp-content\/uploads\/2025\/09\/IMG_9609-scaled.jpg 1920w, https:\/\/bpcmecanique.com\/wp-content\/uploads\/2025\/09\/IMG_9609-225x300.jpg 225w, https:\/\/bpcmecanique.com\/wp-content\/uploads\/2025\/09\/IMG_9609-768x1024.jpg 768w, https:\/\/bpcmecanique.com\/wp-content\/uploads\/2025\/09\/IMG_9609-1152x1536.jpg 1152w, https:\/\/bpcmecanique.com\/wp-content\/uploads\/2025\/09\/IMG_9609-1536x2048.jpg 1536w\" sizes=\"(max-width: 1920px) 100vw, 1920px\" \/><\/figure>\n<\/div>\n\n\n\n<div class=\"wp-block-column is-layout-flow wp-block-column-is-layout-flow\">\n<h6 class=\"wp-block-heading\">DACIA DUSTER | 2015 | Essence | 179 329 km | 6 800 \u20ac<\/h6>\n\n\n\n<p><strong>Marque :<\/strong> DACIA<br><strong>Mod\u00e8le :<\/strong> DUSTER<br><strong>G\u00e9n\u00e9ration : <\/strong>2015<br><strong>Cat\u00e9gorie :<\/strong> SUV<br><strong>Portes :<\/strong> 5<br><strong>Cylindr\u00e9e :<\/strong> 1.2 litres<br><strong>Puissance :<\/strong> 125 cv<br><strong>Puiss. fiscale :<\/strong> 7 cv<br><strong>Carburant : <\/strong>Essence<br><strong>Transmission : <\/strong>Manuelle<br><strong>Places assises : <\/strong>5 places<br><strong>Roues motrices :<\/strong> AV<br><strong>Couleur ext : <\/strong>Blanc<\/p>\n\n\n\n<div class=\"wp-block-file\"><a href=\"http:\/\/bpcmecanique.com\/wp-content\/uploads\/2025\/06\/annonce_vente_voiture_BPC_garage_04.pdf\" class=\"wp-block-file__button wp-element-button\" download>T\u00e9l\u00e9charger la fiche technique<\/a><\/div>\n<\/div>\n<\/div>\n\n\n\n<div style=\"height:56px\" aria-hidden=\"true\" class=\"wp-block-spacer\"><\/div>\n\n\n\n<div class=\"wp-block-columns is-layout-flex wp-container-core-columns-is-layout-9d6595d7 wp-block-columns-is-layout-flex\">\n<div class=\"wp-block-column is-layout-flow wp-block-column-is-layout-flow\"><div class=\"wp-block-image\">\n<figure class=\"aligncenter size-full\"><img loading=\"lazy\" decoding=\"async\" width=\"1920\" height=\"2560\" src=\"http:\/\/bpcmecanique.com\/wp-content\/uploads\/2025\/09\/IMG_9611-scaled.jpg\" alt=\"\" class=\"wp-image-1709\" srcset=\"https:\/\/bpcmecanique.com\/wp-content\/uploads\/2025\/09\/IMG_9611-scaled.jpg 1920w, https:\/\/bpcmecanique.com\/wp-content\/uploads\/2025\/09\/IMG_9611-225x300.jpg 225w, https:\/\/bpcmecanique.com\/wp-content\/uploads\/2025\/09\/IMG_9611-768x1024.jpg 768w, https:\/\/bpcmecanique.com\/wp-content\/uploads\/2025\/09\/IMG_9611-1152x1536.jpg 1152w, https:\/\/bpcmecanique.com\/wp-content\/uploads\/2025\/09\/IMG_9611-1536x2048.jpg 1536w\" sizes=\"(max-width: 1920px) 100vw, 1920px\" \/><\/figure>\n<\/div><\/div>\n\n\n\n<div class=\"wp-block-column is-layout-flow wp-block-column-is-layout-flow\">\n<h6 class=\"wp-block-heading\">PEUGEOT 207 SW 1.6i | 2008 | Essence | 165 547 km | 5 800 \u20ac<\/h6>\n\n\n\n<p><strong>Marque :<\/strong> PEUGEOT<br><strong>Mod\u00e8le :<\/strong> 207 SW<br><strong>G\u00e9n\u00e9ration : <\/strong>2008<br><strong>Cat\u00e9gorie :<\/strong> BREAK<br><strong>Portes :<\/strong> 5<br><strong>Cylindr\u00e9e :<\/strong> 1.6 litres<br><strong>Puissance :<\/strong> 120 cv<br><strong>Puiss. fiscale :<\/strong> 7 cv<br><strong>Carburant : <\/strong>Essence<br><strong>Transmission : <\/strong>Manuelle<br><strong>Places assises : <\/strong>5 places<br><strong>Roues motrices :<\/strong> AV<br><strong>Couleur ext : <\/strong>Gris<\/p>\n\n\n\n<div class=\"wp-block-file\"><a href=\"http:\/\/bpcmecanique.com\/wp-content\/uploads\/2025\/06\/annonce_vente_voiture_BPC_garage_05.pdf\" class=\"wp-block-file__button wp-element-button\" download>T\u00e9l\u00e9charger la fiche technique<\/a><\/div>\n<\/div>\n<\/div>\n\n\n\n<div class=\"wp-block-columns is-layout-flex wp-container-core-columns-is-layout-9d6595d7 wp-block-columns-is-layout-flex\">\n<div class=\"wp-block-column is-layout-flow wp-block-column-is-layout-flow\"><div class=\"wp-block-image\">\n<figure class=\"aligncenter size-full\"><img loading=\"lazy\" decoding=\"async\" width=\"1920\" height=\"2560\" src=\"http:\/\/bpcmecanique.com\/wp-content\/uploads\/2025\/09\/IMG_9608-scaled.jpg\" alt=\"\" class=\"wp-image-1704\" srcset=\"https:\/\/bpcmecanique.com\/wp-content\/uploads\/2025\/09\/IMG_9608-scaled.jpg 1920w, https:\/\/bpcmecanique.com\/wp-content\/uploads\/2025\/09\/IMG_9608-225x300.jpg 225w, https:\/\/bpcmecanique.com\/wp-content\/uploads\/2025\/09\/IMG_9608-768x1024.jpg 768w, https:\/\/bpcmecanique.com\/wp-content\/uploads\/2025\/09\/IMG_9608-1152x1536.jpg 1152w, https:\/\/bpcmecanique.com\/wp-content\/uploads\/2025\/09\/IMG_9608-1536x2048.jpg 1536w\" sizes=\"(max-width: 1920px) 100vw, 1920px\" \/><\/figure>\n<\/div><\/div>\n\n\n\n<div class=\"wp-block-column is-layout-flow wp-block-column-is-layout-flow\">\n<h6 class=\"wp-block-heading\">PEUGEOT 208| 2012 | Diesel | 220 000 km | 4 800 \u20ac<\/h6>\n\n\n\n<p><strong>Marque :<\/strong> PEUGEOT<br><strong>Mod\u00e8le :<\/strong> 208<br><strong>G\u00e9n\u00e9ration : <\/strong>2012<br><strong>Cat\u00e9gorie :<\/strong> Citadine<br><strong>Portes :<\/strong> 5<br><strong>Cylindr\u00e9e :<\/strong> 1.6 litres<br><strong>Puissance :<\/strong> 92 cv<br><strong>Puiss. fiscale :<\/strong> 5 cv<br><strong>Carburant : <\/strong>diesel<br><strong>Transmission : <\/strong>Manuelle<br><strong>Places assises : <\/strong>5 places<br><strong>Roues motrices :<\/strong> AV<br><strong>Couleur ext : <\/strong>NOIR<\/p>\n\n\n\n<div class=\"wp-block-file\"><a href=\"http:\/\/bpcmecanique.com\/wp-content\/uploads\/2025\/09\/Document-Scannable-2-le-3-sept.-2025-a-15_37_38-scaled.png\" class=\"wp-block-file__button wp-element-button\" download>T\u00e9l\u00e9charger la fiche technique<\/a><\/div>\n<\/div>\n<\/div>\n\n\n\n<div class=\"wp-block-columns is-layout-flex wp-container-core-columns-is-layout-9d6595d7 wp-block-columns-is-layout-flex\">\n<div class=\"wp-block-column is-layout-flow wp-block-column-is-layout-flow\"><div class=\"wp-block-image\">\n<figure class=\"aligncenter size-full\"><img loading=\"lazy\" decoding=\"async\" width=\"480\" height=\"640\" src=\"http:\/\/bpcmecanique.com\/wp-content\/uploads\/2025\/09\/IMG_9614-rotated.jpg\" alt=\"\" class=\"wp-image-1719\" srcset=\"https:\/\/bpcmecanique.com\/wp-content\/uploads\/2025\/09\/IMG_9614-rotated.jpg 480w, https:\/\/bpcmecanique.com\/wp-content\/uploads\/2025\/09\/IMG_9614-225x300.jpg 225w\" sizes=\"(max-width: 480px) 100vw, 480px\" \/><\/figure>\n<\/div><\/div>\n\n\n\n<div class=\"wp-block-column is-layout-flow wp-block-column-is-layout-flow\">\n<h6 class=\"wp-block-heading\">PEUGEOT 308| 2016 | Essence | 156 547 km | 7 800 \u20ac<\/h6>\n\n\n\n<p><strong>Marque :<\/strong> PEUGEOT<br><strong>Mod\u00e8le :<\/strong> 308<br><strong>G\u00e9n\u00e9ration : <\/strong>2016<br><strong>Cat\u00e9gorie :<\/strong> Citadine<br><strong>Portes :<\/strong> 5<br><strong>Cylindr\u00e9e :<\/strong> 1.2 litres<br><strong>Puissance :<\/strong> 130 cv<br><strong>Puiss. fiscale :<\/strong> 7 cv<br><strong>Carburant : <\/strong>Essence<br><strong>Transmission : <\/strong>Manuelle<br><strong>Places assises : <\/strong>5 places<br><strong>Roues motrices :<\/strong> AV<br><strong>Couleur ext : <\/strong>BLANC<\/p>\n\n\n\n<div class=\"wp-block-file\"><a href=\"http:\/\/bpcmecanique.com\/wp-content\/uploads\/2025\/09\/Document-Scannable-le-3-sept.-2025-a-16_05_10.png\" class=\"wp-block-file__button wp-element-button\" download>T\u00e9l\u00e9charger la fiche technique<\/a><\/div>\n<\/div>\n<\/div>\n\n\n\n<div class=\"wp-block-columns is-layout-flex wp-container-core-columns-is-layout-9d6595d7 wp-block-columns-is-layout-flex\">\n<div class=\"wp-block-column is-layout-flow wp-block-column-is-layout-flow\"><div class=\"wp-block-image\">\n<figure class=\"aligncenter size-full\"><img loading=\"lazy\" decoding=\"async\" width=\"1920\" height=\"2560\" src=\"http:\/\/bpcmecanique.com\/wp-content\/uploads\/2025\/09\/IMG_9610-scaled.jpg\" alt=\"\" class=\"wp-image-1730\" srcset=\"https:\/\/bpcmecanique.com\/wp-content\/uploads\/2025\/09\/IMG_9610-scaled.jpg 1920w, https:\/\/bpcmecanique.com\/wp-content\/uploads\/2025\/09\/IMG_9610-225x300.jpg 225w, https:\/\/bpcmecanique.com\/wp-content\/uploads\/2025\/09\/IMG_9610-768x1024.jpg 768w, https:\/\/bpcmecanique.com\/wp-content\/uploads\/2025\/09\/IMG_9610-1152x1536.jpg 1152w, https:\/\/bpcmecanique.com\/wp-content\/uploads\/2025\/09\/IMG_9610-1536x2048.jpg 1536w\" sizes=\"(max-width: 1920px) 100vw, 1920px\" \/><\/figure>\n<\/div><\/div>\n\n\n\n<div class=\"wp-block-column is-layout-flow wp-block-column-is-layout-flow\">\n<h6 class=\"wp-block-heading\">ALFA ROMEO | 2012 | Diesel | 172 277 km | 7 200 \u20ac<\/h6>\n\n\n\n<p><strong>Marque :<\/strong> ALFA ROMEO<br><strong>Mod\u00e8le :<\/strong> GIULIETTA<br><strong>G\u00e9n\u00e9ration : <\/strong>2012<br><strong>Cat\u00e9gorie :<\/strong> Berline<br><strong>Portes :<\/strong> 5<br><strong>Cylindr\u00e9e :<\/strong> 1.6 litres<br><strong>Puissance :<\/strong> 105 cv<br><strong>Puiss. fiscale :<\/strong> 5 cv<br><strong>Carburant : <\/strong>Diesel<br><strong>Transmission : <\/strong>Manuelle<br><strong>Places assises : <\/strong>5 places<br><strong>Roues motrices :<\/strong> AV<br><strong>Couleur ext : <\/strong>GRIS<\/p>\n\n\n\n<div class=\"wp-block-file\"><a href=\"http:\/\/bpcmecanique.com\/wp-content\/uploads\/2025\/09\/Document-Scannable-le-3-sept.-2025-a-16_32_55.png\" class=\"wp-block-file__button wp-element-button\" download>T\u00e9l\u00e9charger la fiche technique<\/a><\/div>\n<\/div>\n<\/div>\n\n\n\n<\/div>\n\n\n\n<div class=\"greyback\">\n\n\n\n<h3 class=\"wp-block-heading has-text-align-center\">Rachat et reprise de votre v\u00e9hicule<\/h3>\n\n\n\n<p class=\"has-text-align-center\">Vendez \u00e0 un professionnel, c&rsquo;est la garantie sans contrainte : pas d&rsquo;arnaque, pas de perte de temps.<br>Nous estimons et reprenons au prix le plus juste votre v\u00e9hicule.<\/p>\n\n\n\n<\/div>\n","protected":false},"excerpt":{"rendered":"<p>Vente de voiture d&rsquo;occasion Voiture garantie 1 an (extension de garantie jusqu&rsquo;\u00e0 5 ans) Vente de voiture d&rsquo;occasion chez BPC [&hellip;]<\/p>\n","protected":false},"author":1,"featured_media":1601,"parent":0,"menu_order":4,"comment_status":"closed","ping_status":"closed","template":"page-templates\/pagebuilder.php","meta":{"footnotes":""},"class_list":["post-24","page","type-page","status-publish","has-post-thumbnail","hentry"],"yoast_head":"<!-- This site is optimized with the Yoast SEO plugin v25.2 - https:\/\/yoast.com\/wordpress\/plugins\/seo\/ -->\n<title>Vente de voiture d&#039;occasion | BPC Garage Saint-Alban-de-Montbel<\/title>\n<meta name=\"description\" content=\"Vente de voiture d&#039;occasion, rachat et reprise de votre ancienne voiture \u00e0 Saint-Alban-de-Montbel chez BPC Garage\" \/>\n<meta name=\"robots\" content=\"index, follow, max-snippet:-1, max-image-preview:large, max-video-preview:-1\" \/>\n<link rel=\"canonical\" href=\"https:\/\/bpcmecanique.com\/index.php\/occasion\/\" \/>\n<meta property=\"og:locale\" content=\"fr_FR\" \/>\n<meta property=\"og:type\" content=\"article\" \/>\n<meta property=\"og:title\" content=\"Vente de voiture d&#039;occasion | BPC Garage Saint-Alban-de-Montbel\" \/>\n<meta property=\"og:description\" content=\"Vente de voiture d&#039;occasion, rachat et reprise de votre ancienne voiture \u00e0 Saint-Alban-de-Montbel chez BPC Garage\" \/>\n<meta property=\"og:url\" content=\"https:\/\/bpcmecanique.com\/index.php\/occasion\/\" \/>\n<meta property=\"og:site_name\" content=\"Garage BPC\" \/>\n<meta property=\"article:modified_time\" content=\"2025-09-22T07:35:20+00:00\" \/>\n<meta property=\"og:image\" content=\"https:\/\/bpcmecanique.com\/wp-content\/uploads\/2025\/06\/vente_voiture_occasion_volvo_v40.jpg\" \/>\n\t<meta property=\"og:image:width\" content=\"1279\" \/>\n\t<meta property=\"og:image:height\" content=\"961\" \/>\n\t<meta property=\"og:image:type\" content=\"image\/jpeg\" \/>\n<meta name=\"twitter:card\" content=\"summary_large_image\" \/>\n<meta name=\"twitter:label1\" content=\"Dur\u00e9e de lecture estim\u00e9e\" \/>\n\t<meta name=\"twitter:data1\" content=\"5 minutes\" \/>\n<script type=\"application\/ld+json\" class=\"yoast-schema-graph\">{\"@context\":\"https:\/\/schema.org\",\"@graph\":[{\"@type\":\"WebPage\",\"@id\":\"https:\/\/bpcmecanique.com\/index.php\/occasion\/\",\"url\":\"https:\/\/bpcmecanique.com\/index.php\/occasion\/\",\"name\":\"Vente de voiture d'occasion | BPC Garage Saint-Alban-de-Montbel\",\"isPartOf\":{\"@id\":\"https:\/\/bpcmecanique.com\/#website\"},\"primaryImageOfPage\":{\"@id\":\"https:\/\/bpcmecanique.com\/index.php\/occasion\/#primaryimage\"},\"image\":{\"@id\":\"https:\/\/bpcmecanique.com\/index.php\/occasion\/#primaryimage\"},\"thumbnailUrl\":\"https:\/\/bpcmecanique.com\/wp-content\/uploads\/2025\/06\/vente_voiture_occasion_volvo_v40.jpg\",\"datePublished\":\"2025-05-20T08:20:39+00:00\",\"dateModified\":\"2025-09-22T07:35:20+00:00\",\"description\":\"Vente de voiture d'occasion, rachat et reprise de votre ancienne voiture \u00e0 Saint-Alban-de-Montbel chez BPC Garage\",\"breadcrumb\":{\"@id\":\"https:\/\/bpcmecanique.com\/index.php\/occasion\/#breadcrumb\"},\"inLanguage\":\"fr-FR\",\"potentialAction\":[{\"@type\":\"ReadAction\",\"target\":[\"https:\/\/bpcmecanique.com\/index.php\/occasion\/\"]}]},{\"@type\":\"ImageObject\",\"inLanguage\":\"fr-FR\",\"@id\":\"https:\/\/bpcmecanique.com\/index.php\/occasion\/#primaryimage\",\"url\":\"https:\/\/bpcmecanique.com\/wp-content\/uploads\/2025\/06\/vente_voiture_occasion_volvo_v40.jpg\",\"contentUrl\":\"https:\/\/bpcmecanique.com\/wp-content\/uploads\/2025\/06\/vente_voiture_occasion_volvo_v40.jpg\",\"width\":1279,\"height\":961,\"caption\":\"vente voiture occasion Volvo V40 blanc garage BPC \u00e0 Saint-Alban-de-Montbel\"},{\"@type\":\"BreadcrumbList\",\"@id\":\"https:\/\/bpcmecanique.com\/index.php\/occasion\/#breadcrumb\",\"itemListElement\":[{\"@type\":\"ListItem\",\"position\":1,\"name\":\"Accueil\",\"item\":\"https:\/\/bpcmecanique.com\/\"},{\"@type\":\"ListItem\",\"position\":2,\"name\":\"Occasion\"}]},{\"@type\":\"WebSite\",\"@id\":\"https:\/\/bpcmecanique.com\/#website\",\"url\":\"https:\/\/bpcmecanique.com\/\",\"name\":\"Garage BPC\",\"description\":\"Garage, m\u00e9canique et carrosserie \u00e0 BPC m\u00e9canique carrosserie Saint-Alban-de-Montbel\",\"publisher\":{\"@id\":\"https:\/\/bpcmecanique.com\/#organization\"},\"potentialAction\":[{\"@type\":\"SearchAction\",\"target\":{\"@type\":\"EntryPoint\",\"urlTemplate\":\"https:\/\/bpcmecanique.com\/?s={search_term_string}\"},\"query-input\":{\"@type\":\"PropertyValueSpecification\",\"valueRequired\":true,\"valueName\":\"search_term_string\"}}],\"inLanguage\":\"fr-FR\"},{\"@type\":\"Organization\",\"@id\":\"https:\/\/bpcmecanique.com\/#organization\",\"name\":\"Garage BPC\",\"url\":\"https:\/\/bpcmecanique.com\/\",\"logo\":{\"@type\":\"ImageObject\",\"inLanguage\":\"fr-FR\",\"@id\":\"https:\/\/bpcmecanique.com\/#\/schema\/logo\/image\/\",\"url\":\"https:\/\/bpcmecanique.com\/wp-content\/uploads\/2025\/05\/logo-top-garage-bpc.png\",\"contentUrl\":\"https:\/\/bpcmecanique.com\/wp-content\/uploads\/2025\/05\/logo-top-garage-bpc.png\",\"width\":1203,\"height\":200,\"caption\":\"Garage BPC\"},\"image\":{\"@id\":\"https:\/\/bpcmecanique.com\/#\/schema\/logo\/image\/\"}}]}<\/script>\n<!-- \/ Yoast SEO plugin. -->","yoast_head_json":{"title":"Vente de voiture d'occasion | BPC Garage Saint-Alban-de-Montbel","description":"Vente de voiture d'occasion, rachat et reprise de votre ancienne voiture \u00e0 Saint-Alban-de-Montbel chez BPC Garage","robots":{"index":"index","follow":"follow","max-snippet":"max-snippet:-1","max-image-preview":"max-image-preview:large","max-video-preview":"max-video-preview:-1"},"canonical":"https:\/\/bpcmecanique.com\/index.php\/occasion\/","og_locale":"fr_FR","og_type":"article","og_title":"Vente de voiture d'occasion | BPC Garage Saint-Alban-de-Montbel","og_description":"Vente de voiture d'occasion, rachat et reprise de votre ancienne voiture \u00e0 Saint-Alban-de-Montbel chez BPC Garage","og_url":"https:\/\/bpcmecanique.com\/index.php\/occasion\/","og_site_name":"Garage BPC","article_modified_time":"2025-09-22T07:35:20+00:00","og_image":[{"width":1279,"height":961,"url":"https:\/\/bpcmecanique.com\/wp-content\/uploads\/2025\/06\/vente_voiture_occasion_volvo_v40.jpg","type":"image\/jpeg"}],"twitter_card":"summary_large_image","twitter_misc":{"Dur\u00e9e de lecture estim\u00e9e":"5 minutes"},"schema":{"@context":"https:\/\/schema.org","@graph":[{"@type":"WebPage","@id":"https:\/\/bpcmecanique.com\/index.php\/occasion\/","url":"https:\/\/bpcmecanique.com\/index.php\/occasion\/","name":"Vente de voiture d'occasion | BPC Garage Saint-Alban-de-Montbel","isPartOf":{"@id":"https:\/\/bpcmecanique.com\/#website"},"primaryImageOfPage":{"@id":"https:\/\/bpcmecanique.com\/index.php\/occasion\/#primaryimage"},"image":{"@id":"https:\/\/bpcmecanique.com\/index.php\/occasion\/#primaryimage"},"thumbnailUrl":"https:\/\/bpcmecanique.com\/wp-content\/uploads\/2025\/06\/vente_voiture_occasion_volvo_v40.jpg","datePublished":"2025-05-20T08:20:39+00:00","dateModified":"2025-09-22T07:35:20+00:00","description":"Vente de voiture d'occasion, rachat et reprise de votre ancienne voiture \u00e0 Saint-Alban-de-Montbel chez BPC Garage","breadcrumb":{"@id":"https:\/\/bpcmecanique.com\/index.php\/occasion\/#breadcrumb"},"inLanguage":"fr-FR","potentialAction":[{"@type":"ReadAction","target":["https:\/\/bpcmecanique.com\/index.php\/occasion\/"]}]},{"@type":"ImageObject","inLanguage":"fr-FR","@id":"https:\/\/bpcmecanique.com\/index.php\/occasion\/#primaryimage","url":"https:\/\/bpcmecanique.com\/wp-content\/uploads\/2025\/06\/vente_voiture_occasion_volvo_v40.jpg","contentUrl":"https:\/\/bpcmecanique.com\/wp-content\/uploads\/2025\/06\/vente_voiture_occasion_volvo_v40.jpg","width":1279,"height":961,"caption":"vente voiture occasion Volvo V40 blanc garage BPC \u00e0 Saint-Alban-de-Montbel"},{"@type":"BreadcrumbList","@id":"https:\/\/bpcmecanique.com\/index.php\/occasion\/#breadcrumb","itemListElement":[{"@type":"ListItem","position":1,"name":"Accueil","item":"https:\/\/bpcmecanique.com\/"},{"@type":"ListItem","position":2,"name":"Occasion"}]},{"@type":"WebSite","@id":"https:\/\/bpcmecanique.com\/#website","url":"https:\/\/bpcmecanique.com\/","name":"Garage BPC","description":"Garage, m\u00e9canique et carrosserie \u00e0 BPC m\u00e9canique carrosserie Saint-Alban-de-Montbel","publisher":{"@id":"https:\/\/bpcmecanique.com\/#organization"},"potentialAction":[{"@type":"SearchAction","target":{"@type":"EntryPoint","urlTemplate":"https:\/\/bpcmecanique.com\/?s={search_term_string}"},"query-input":{"@type":"PropertyValueSpecification","valueRequired":true,"valueName":"search_term_string"}}],"inLanguage":"fr-FR"},{"@type":"Organization","@id":"https:\/\/bpcmecanique.com\/#organization","name":"Garage BPC","url":"https:\/\/bpcmecanique.com\/","logo":{"@type":"ImageObject","inLanguage":"fr-FR","@id":"https:\/\/bpcmecanique.com\/#\/schema\/logo\/image\/","url":"https:\/\/bpcmecanique.com\/wp-content\/uploads\/2025\/05\/logo-top-garage-bpc.png","contentUrl":"https:\/\/bpcmecanique.com\/wp-content\/uploads\/2025\/05\/logo-top-garage-bpc.png","width":1203,"height":200,"caption":"Garage BPC"},"image":{"@id":"https:\/\/bpcmecanique.com\/#\/schema\/logo\/image\/"}}]}},"_links":{"self":[{"href":"https:\/\/bpcmecanique.com\/index.php\/wp-json\/wp\/v2\/pages\/24","targetHints":{"allow":["GET"]}}],"collection":[{"href":"https:\/\/bpcmecanique.com\/index.php\/wp-json\/wp\/v2\/pages"}],"about":[{"href":"https:\/\/bpcmecanique.com\/index.php\/wp-json\/wp\/v2\/types\/page"}],"author":[{"embeddable":true,"href":"https:\/\/bpcmecanique.com\/index.php\/wp-json\/wp\/v2\/users\/1"}],"replies":[{"embeddable":true,"href":"https:\/\/bpcmecanique.com\/index.php\/wp-json\/wp\/v2\/comments?post=24"}],"version-history":[{"count":94,"href":"https:\/\/bpcmecanique.com\/index.php\/wp-json\/wp\/v2\/pages\/24\/revisions"}],"predecessor-version":[{"id":1743,"href":"https:\/\/bpcmecanique.com\/index.php\/wp-json\/wp\/v2\/pages\/24\/revisions\/1743"}],"wp:featuredmedia":[{"embeddable":true,"href":"https:\/\/bpcmecanique.com\/index.php\/wp-json\/wp\/v2\/media\/1601"}],"wp:attachment":[{"href":"https:\/\/bpcmecanique.com\/index.php\/wp-json\/wp\/v2\/media?parent=24"}],"curies":[{"name":"wp","href":"https:\/\/api.w.org\/{rel}","templated":true}]}}