{"id":3,"date":"2025-05-20T09:14:49","date_gmt":"2025-05-20T07:14:49","guid":{"rendered":"http:\/\/bpcmecanique.com\/?page_id=3"},"modified":"2025-06-02T09:32:42","modified_gmt":"2025-06-02T07:32:42","slug":"politique-de-confidentialite","status":"publish","type":"page","link":"https:\/\/bpcmecanique.com\/index.php\/politique-de-confidentialite\/","title":{"rendered":"Mention l\u00e9gales et politique de confidentialit\u00e9"},"content":{"rendered":"\n<div class=\"greyback\">\n\n\n\n<h3 class=\"wp-block-heading\">Mention l\u00e9gales et politique de confidentialit\u00e9<\/h3>\n\n\n\n<h6 class=\"wp-block-heading\" style=\"color:#302e6a;padding:0;\">1. \u00c9dition du site<\/h6>\n\n\n\n<p>En vertu de\u00a0<a href=\"https:\/\/www.legifrance.gouv.fr\/affichTexte.do?cidTexte=JORFTEXT000000801164#LEGIARTI000042038977\" target=\"_blank\" rel=\"noreferrer noopener\">l\u2019article 6 de la loi n\u00b0 2004-575 du 21 juin 2004<\/a>\u00a0pour la confiance dans l\u2019\u00e9conomie num\u00e9rique, il est pr\u00e9cis\u00e9 aux utilisateurs du site internet\u00a0<a href=\"https:\/\/bpcmecanique.com\/\">bpcmecanique.com\/<\/a>\u00a0l\u2019identit\u00e9 des diff\u00e9rents intervenants dans le cadre de sa r\u00e9alisation et de son suivi:<\/p>\n\n\n\n<p><strong>Propri\u00e9taire du site :<\/strong> Lionel Mars<br><strong>T\u00e9l :<\/strong>&nbsp;04 79 36 01 51<br><strong>Adresse :<\/strong>&nbsp;3320 route du lac, 73610 Saint-Alban de Montbel<\/p>\n\n\n\n<p><strong>Identification de l\u2019entreprise :<br><\/strong>BPC Garage<br><strong>SIREN :<\/strong>&nbsp;444915565<br><strong>RCS ou RM :<\/strong>&nbsp;444 915 565 R.C.S. Chambery<br><strong>Adresse postale :<\/strong>&nbsp;3320 route du lac, 73610 Saint-Alban de Montbel<\/p>\n\n\n\n<p><strong>Directeur de la publication :&nbsp;<\/strong>Lionel Mars<br>Contact : bcp.mecanique@gmail.com<\/p>\n\n\n\n<p><strong>H\u00e9bergeur :<br><\/strong>OVH SAS<br>2 rue Kellermann BP 80157<br>59053 Roubaix Cedex 1&nbsp;<br>T\u00e9l\u00e9phone : 1007<\/p>\n\n\n\n<p><strong>D\u00e9l\u00e9gu\u00e9 \u00e0 la protection des donn\u00e9es :&nbsp;<\/strong>Lionel Mars<br><strong>Contact :<\/strong> bcp.mecanique@gmail.com<\/p>\n\n\n\n<p><strong>Cr\u00e9ation du site internet :<\/strong>\u00a0\u00a9 2025\u00a0<a href=\"https:\/\/goldenreseau.fr\/\" target=\"_blank\" rel=\"noreferrer noopener\">Golden R\u00e9seau<\/a><\/p>\n\n\n\n<hr class=\"wp-block-separator alignfull has-alpha-channel-opacity\"\/>\n\n\n\n<h6 class=\"wp-block-heading\" style=\"color:#302e6a;padding:0;\">2. Propri\u00e9t\u00e9 intellectuelle et contrefa\u00e7ons<\/h6>\n\n\n\n<p><strong>BPC Garage<\/strong>&nbsp;est propri\u00e9taire des droits de propri\u00e9t\u00e9 intellectuelle et d\u00e9tient les droits d\u2019usage sur tous les \u00e9l\u00e9ments accessibles sur le site internet, notamment les textes, images, graphismes, logos, vid\u00e9os, architecture, ic\u00f4nes et sons.<\/p>\n\n\n\n<p>Toute reproduction, repr\u00e9sentation, modification, publication, adaptation de tout ou partie des \u00e9l\u00e9ments du site, quel que soit le moyen ou le proc\u00e9d\u00e9 utilis\u00e9, est interdite, sauf autorisation \u00e9crite pr\u00e9alable de&nbsp;<strong><strong>BPC Garage<\/strong><\/strong>.<\/p>\n\n\n\n<p>Toute exploitation non autoris\u00e9e du site ou de l\u2019un quelconque des \u00e9l\u00e9ments qu\u2019il contient sera consid\u00e9r\u00e9e comme constitutive d\u2019une contrefa\u00e7on et poursuivie conform\u00e9ment aux dispositions des articles&nbsp;<a href=\"https:\/\/www.legifrance.gouv.fr\/affichCodeArticle.do?idArticle=LEGIARTI000032655082&amp;cidTexte=LEGITEXT000006069414&amp;dateTexte=20160605\" target=\"_blank\" rel=\"noreferrer noopener\">L.335-2 et suivants du Code de Propri\u00e9t\u00e9 Intellectuelle<\/a>.<\/p>\n\n\n\n<hr class=\"wp-block-separator alignfull has-alpha-channel-opacity\"\/>\n\n\n\n<h6 class=\"wp-block-heading\" style=\"color:#302e6a;padding:0;\">3. Limitations de responsabilit\u00e9<\/h6>\n\n\n\n<p><strong><strong>BPC Garage<\/strong><\/strong>&nbsp;ne pourra \u00eatre tenu pour responsable des dommages directs et indirects caus\u00e9s au mat\u00e9riel de l\u2019utilisateur, lors de l\u2019acc\u00e8s au site<a href=\"https:\/\/bpcmecanique.com\/\">&nbsp;https:\/\/bpcmecanique.com\/<\/a><\/p>\n\n\n\n<p><strong><strong>BPC Garage<\/strong><\/strong>\u00a0d\u00e9cline toute responsabilit\u00e9 quant \u00e0 l\u2019utilisation qui pourrait \u00eatre faite des informations et contenus pr\u00e9sents sur\u00a0<a href=\"https:\/\/bpcmecanique.com\/\">bpcmecanique.com\/<\/a><\/p>\n\n\n\n<p><strong><strong>BPC Garage<\/strong><\/strong>&nbsp;s\u2019engage \u00e0 s\u00e9curiser au mieux le site&nbsp;<a href=\"https:\/\/milliandpneus.com\/\">https:\/\/bpcmecanique.com\/<\/a>, cependant sa responsabilit\u00e9 ne pourra \u00eatre mise en cause si des donn\u00e9es ind\u00e9sirables sont import\u00e9es et install\u00e9es sur son site \u00e0 son insu.<\/p>\n\n\n\n<p>Des espaces interactifs (espace contact ou commentaires) sont \u00e0 la disposition des utilisateurs.&nbsp;<strong><strong>BPC Garage<\/strong><\/strong>&nbsp;se r\u00e9serve le droit de supprimer, sans mise en demeure pr\u00e9alable, tout contenu d\u00e9pos\u00e9 dans cet espace qui contreviendrait \u00e0 la l\u00e9gislation applicable en France, en particulier aux dispositions relatives \u00e0 la protection des donn\u00e9es.<\/p>\n\n\n\n<p>Le cas \u00e9ch\u00e9ant,&nbsp;<strong><strong>BPC Garage<\/strong><\/strong>&nbsp;se r\u00e9serve \u00e9galement la possibilit\u00e9 de mettre en cause la responsabilit\u00e9 civile et\/ou p\u00e9nale de l\u2019utilisateur, notamment en cas de message \u00e0 caract\u00e8re raciste, injurieux, diffamant, ou pornographique, quel que soit le support utilis\u00e9 (texte, photographie \u2026).<\/p>\n\n\n\n<hr class=\"wp-block-separator alignfull has-alpha-channel-opacity\"\/>\n\n\n\n<h6 class=\"wp-block-heading\" style=\"color:#302e6a;padding:0;\">4. CNIL et gestion des donn\u00e9es personnelles<\/h6>\n\n\n\n<p>Conform\u00e9ment aux dispositions de&nbsp;<a href=\"https:\/\/www.legifrance.gouv.fr\/affichTexte.do?cidTexte=JORFTEXT000000886460\" target=\"_blank\" rel=\"noreferrer noopener\">la loi 78-17 du 6 janvier 1978 modifi\u00e9e<\/a>, l\u2019utilisateur du site&nbsp;<a href=\"https:\/\/milliandpneus.com\/\">https:\/\/bpcmecanique.com\/<\/a>&nbsp;dispose d\u2019un droit d\u2019acc\u00e8s, de modification et de suppression des informations collect\u00e9es. Pour exercer ce droit, envoyez un message \u00e0 notre D\u00e9l\u00e9gu\u00e9 \u00e0 la Protection des Donn\u00e9es :&nbsp;Lionel Mars&nbsp;Contact : bcp.mecanique@gmail.com<\/p>\n\n\n\n<p>Pour plus d\u2019informations sur la fa\u00e7on dont nous traitons vos donn\u00e9es (type de donn\u00e9es, finalit\u00e9, destinataire\u2026), lisez notre&nbsp;<a href=\"https:\/\/www.velit.fr\/?page_id=1777\">Politique de confidentialit\u00e9<\/a>.<\/p>\n\n\n\n<hr class=\"wp-block-separator alignfull has-alpha-channel-opacity\"\/>\n\n\n\n<h6 class=\"wp-block-heading\" style=\"color:#302e6a;padding:0;\">5. Liens hypertextes et cookies<\/h6>\n\n\n\n<p>Le site\u00a0<a href=\"https:\/\/bpcmecanique.com\/\">bpcmecanique.com\/<\/a>\u00a0contient des liens hypertextes vers d\u2019autres sites et d\u00e9gage toute responsabilit\u00e9 \u00e0 propos de ces liens externes ou des liens cr\u00e9\u00e9s par d\u2019autres sites vers\u00a0<\/p>\n\n\n\n<p>La navigation sur le site\u00a0<a href=\"https:\/\/bpcmecanique.com\/\">bpcmecanique.com\/<\/a> est susceptible de provoquer l\u2019installation de cookie(s) sur l\u2019ordinateur de l\u2019utilisateur.<\/p>\n\n\n\n<p>Un \u00ab&nbsp;cookie&nbsp;\u00bb est un fichier de petite taille qui enregistre des informations relatives \u00e0 la navigation d\u2019un utilisateur sur un site. Les donn\u00e9es ainsi obtenues permettent d\u2019obtenir des mesures de fr\u00e9quentation, par exemple.<\/p>\n\n\n\n<p>Vous avez la possibilit\u00e9&nbsp;<strong>d\u2019accepter ou de refuser les cookies<\/strong>&nbsp;en modifiant les param\u00e8tres de votre navigateur. Aucun cookie ne sera d\u00e9pos\u00e9 sans votre consentement.<\/p>\n\n\n\n<p>Les cookies sont enregistr\u00e9s pour une dur\u00e9e maximale de&nbsp;1&nbsp;mois.<\/p>\n\n\n\n<p>Pour plus d\u2019informations sur la fa\u00e7on dont nous faisons usage des cookies, lisez notre&nbsp;<a href=\"https:\/\/www.velit.fr\/?page_id=1777\">Politique de confidentialit\u00e9<\/a>.<\/p>\n\n\n\n<hr class=\"wp-block-separator alignfull has-alpha-channel-opacity\"\/>\n\n\n\n<h6 class=\"wp-block-heading\" style=\"color:#302e6a;padding:0;\">6. Droit applicable et attribution de juridiction<\/h6>\n\n\n\n<p>Tout litige en relation avec l\u2019utilisation du site <a href=\"https:\/\/bpcmecanique.com\/\">bpcmecanique.com\/<\/a>\u00a0est soumis au droit fran\u00e7ais. En dehors des cas o\u00f9 la loi ne le permet pas, il est fait attribution exclusive de juridiction aux tribunaux comp\u00e9tents.<\/p>\n\n\n\n<hr class=\"wp-block-separator alignfull has-alpha-channel-opacity\"\/>\n\n\n\n<h6 class=\"wp-block-heading\" style=\"color:#302e6a;padding:0;\">7. But de la collecte de donn\u00e9es<\/h6>\n\n\n\n<p>Vos donn\u00e9es personnelles sont collect\u00e9es, afin de vous garantir la meilleure exp\u00e9rience sur notre site web.<\/p>\n\n\n\n<hr class=\"wp-block-separator alignfull has-alpha-channel-opacity\"\/>\n\n\n\n<h6 class=\"wp-block-heading\" style=\"color:#302e6a;padding:0;\">8. Destinataires des donn\u00e9es<\/h6>\n\n\n\n<p>Les donn\u00e9es recueillies sont r\u00e9serv\u00e9es \u00e0 l\u2019usage exclusif de BPC Garage.<\/p>\n\n\n\n<hr class=\"wp-block-separator alignfull has-alpha-channel-opacity\"\/>\n\n\n\n<h6 class=\"wp-block-heading\" style=\"color:#302e6a;padding:0;\">9. Dur\u00e9e de conservation des donn\u00e9es<\/h6>\n\n\n\n<p>Les donn\u00e9es collect\u00e9es sont conserv\u00e9es pendant 1 mois.<\/p>\n\n\n\n<hr class=\"wp-block-separator alignfull has-alpha-channel-opacity\"\/>\n\n\n\n<h6 class=\"wp-block-heading\" style=\"color:#302e6a;padding:0;\">10. Droits d\u2019acc\u00e8s de vos donn\u00e9es<\/h6>\n\n\n\n<p>Vous disposez d\u2019un droit d\u2019acc\u00e8s, de modification, de suppression et de portabilit\u00e9 de vos donn\u00e9es.<\/p>\n\n\n\n<\/div>\n","protected":false},"excerpt":{"rendered":"<p>Mention l\u00e9gales et politique de confidentialit\u00e9 1. \u00c9dition du site En vertu de\u00a0l\u2019article 6 de la loi n\u00b0 2004-575 du [&hellip;]<\/p>\n","protected":false},"author":1,"featured_media":0,"parent":0,"menu_order":999,"comment_status":"closed","ping_status":"closed","template":"page-templates\/pagebuilder.php","meta":{"footnotes":""},"class_list":["post-3","page","type-page","status-publish","hentry"],"yoast_head":"<!-- This site is optimized with the Yoast SEO plugin v25.2 - https:\/\/yoast.com\/wordpress\/plugins\/seo\/ -->\n<title>Mention l\u00e9gales et politique de confidentialit\u00e9 - Garage BPC<\/title>\n<meta name=\"robots\" content=\"index, follow, max-snippet:-1, max-image-preview:large, max-video-preview:-1\" \/>\n<link rel=\"canonical\" href=\"https:\/\/bpcmecanique.com\/index.php\/politique-de-confidentialite\/\" \/>\n<meta property=\"og:locale\" content=\"fr_FR\" \/>\n<meta property=\"og:type\" content=\"article\" \/>\n<meta property=\"og:title\" content=\"Mention l\u00e9gales et politique de confidentialit\u00e9 - Garage BPC\" \/>\n<meta property=\"og:description\" content=\"Mention l\u00e9gales et politique de confidentialit\u00e9 1. \u00c9dition du site En vertu de\u00a0l\u2019article 6 de la loi n\u00b0 2004-575 du [&hellip;]\" \/>\n<meta property=\"og:url\" content=\"https:\/\/bpcmecanique.com\/index.php\/politique-de-confidentialite\/\" \/>\n<meta property=\"og:site_name\" content=\"Garage BPC\" \/>\n<meta property=\"article:modified_time\" content=\"2025-06-02T07:32:42+00:00\" \/>\n<meta name=\"twitter:card\" content=\"summary_large_image\" \/>\n<meta name=\"twitter:label1\" content=\"Dur\u00e9e de lecture estim\u00e9e\" \/>\n\t<meta name=\"twitter:data1\" content=\"4 minutes\" \/>\n<script type=\"application\/ld+json\" class=\"yoast-schema-graph\">{\"@context\":\"https:\/\/schema.org\",\"@graph\":[{\"@type\":\"WebPage\",\"@id\":\"https:\/\/bpcmecanique.com\/index.php\/politique-de-confidentialite\/\",\"url\":\"https:\/\/bpcmecanique.com\/index.php\/politique-de-confidentialite\/\",\"name\":\"Mention l\u00e9gales et politique de confidentialit\u00e9 - Garage BPC\",\"isPartOf\":{\"@id\":\"https:\/\/bpcmecanique.com\/#website\"},\"datePublished\":\"2025-05-20T07:14:49+00:00\",\"dateModified\":\"2025-06-02T07:32:42+00:00\",\"breadcrumb\":{\"@id\":\"https:\/\/bpcmecanique.com\/index.php\/politique-de-confidentialite\/#breadcrumb\"},\"inLanguage\":\"fr-FR\",\"potentialAction\":[{\"@type\":\"ReadAction\",\"target\":[\"https:\/\/bpcmecanique.com\/index.php\/politique-de-confidentialite\/\"]}]},{\"@type\":\"BreadcrumbList\",\"@id\":\"https:\/\/bpcmecanique.com\/index.php\/politique-de-confidentialite\/#breadcrumb\",\"itemListElement\":[{\"@type\":\"ListItem\",\"position\":1,\"name\":\"Accueil\",\"item\":\"https:\/\/bpcmecanique.com\/\"},{\"@type\":\"ListItem\",\"position\":2,\"name\":\"Mention l\u00e9gales et politique de confidentialit\u00e9\"}]},{\"@type\":\"WebSite\",\"@id\":\"https:\/\/bpcmecanique.com\/#website\",\"url\":\"https:\/\/bpcmecanique.com\/\",\"name\":\"Garage BPC\",\"description\":\"Garage, m\u00e9canique et carrosserie \u00e0 BPC m\u00e9canique carrosserie Saint-Alban-de-Montbel\",\"publisher\":{\"@id\":\"https:\/\/bpcmecanique.com\/#organization\"},\"potentialAction\":[{\"@type\":\"SearchAction\",\"target\":{\"@type\":\"EntryPoint\",\"urlTemplate\":\"https:\/\/bpcmecanique.com\/?s={search_term_string}\"},\"query-input\":{\"@type\":\"PropertyValueSpecification\",\"valueRequired\":true,\"valueName\":\"search_term_string\"}}],\"inLanguage\":\"fr-FR\"},{\"@type\":\"Organization\",\"@id\":\"https:\/\/bpcmecanique.com\/#organization\",\"name\":\"Garage BPC\",\"url\":\"https:\/\/bpcmecanique.com\/\",\"logo\":{\"@type\":\"ImageObject\",\"inLanguage\":\"fr-FR\",\"@id\":\"https:\/\/bpcmecanique.com\/#\/schema\/logo\/image\/\",\"url\":\"https:\/\/bpcmecanique.com\/wp-content\/uploads\/2025\/05\/logo-top-garage-bpc.png\",\"contentUrl\":\"https:\/\/bpcmecanique.com\/wp-content\/uploads\/2025\/05\/logo-top-garage-bpc.png\",\"width\":1203,\"height\":200,\"caption\":\"Garage BPC\"},\"image\":{\"@id\":\"https:\/\/bpcmecanique.com\/#\/schema\/logo\/image\/\"}}]}<\/script>\n<!-- \/ Yoast SEO plugin. -->","yoast_head_json":{"title":"Mention l\u00e9gales et politique de confidentialit\u00e9 - Garage BPC","robots":{"index":"index","follow":"follow","max-snippet":"max-snippet:-1","max-image-preview":"max-image-preview:large","max-video-preview":"max-video-preview:-1"},"canonical":"https:\/\/bpcmecanique.com\/index.php\/politique-de-confidentialite\/","og_locale":"fr_FR","og_type":"article","og_title":"Mention l\u00e9gales et politique de confidentialit\u00e9 - Garage BPC","og_description":"Mention l\u00e9gales et politique de confidentialit\u00e9 1. \u00c9dition du site En vertu de\u00a0l\u2019article 6 de la loi n\u00b0 2004-575 du [&hellip;]","og_url":"https:\/\/bpcmecanique.com\/index.php\/politique-de-confidentialite\/","og_site_name":"Garage BPC","article_modified_time":"2025-06-02T07:32:42+00:00","twitter_card":"summary_large_image","twitter_misc":{"Dur\u00e9e de lecture estim\u00e9e":"4 minutes"},"schema":{"@context":"https:\/\/schema.org","@graph":[{"@type":"WebPage","@id":"https:\/\/bpcmecanique.com\/index.php\/politique-de-confidentialite\/","url":"https:\/\/bpcmecanique.com\/index.php\/politique-de-confidentialite\/","name":"Mention l\u00e9gales et politique de confidentialit\u00e9 - Garage BPC","isPartOf":{"@id":"https:\/\/bpcmecanique.com\/#website"},"datePublished":"2025-05-20T07:14:49+00:00","dateModified":"2025-06-02T07:32:42+00:00","breadcrumb":{"@id":"https:\/\/bpcmecanique.com\/index.php\/politique-de-confidentialite\/#breadcrumb"},"inLanguage":"fr-FR","potentialAction":[{"@type":"ReadAction","target":["https:\/\/bpcmecanique.com\/index.php\/politique-de-confidentialite\/"]}]},{"@type":"BreadcrumbList","@id":"https:\/\/bpcmecanique.com\/index.php\/politique-de-confidentialite\/#breadcrumb","itemListElement":[{"@type":"ListItem","position":1,"name":"Accueil","item":"https:\/\/bpcmecanique.com\/"},{"@type":"ListItem","position":2,"name":"Mention l\u00e9gales et politique de confidentialit\u00e9"}]},{"@type":"WebSite","@id":"https:\/\/bpcmecanique.com\/#website","url":"https:\/\/bpcmecanique.com\/","name":"Garage BPC","description":"Garage, m\u00e9canique et carrosserie \u00e0 BPC m\u00e9canique carrosserie Saint-Alban-de-Montbel","publisher":{"@id":"https:\/\/bpcmecanique.com\/#organization"},"potentialAction":[{"@type":"SearchAction","target":{"@type":"EntryPoint","urlTemplate":"https:\/\/bpcmecanique.com\/?s={search_term_string}"},"query-input":{"@type":"PropertyValueSpecification","valueRequired":true,"valueName":"search_term_string"}}],"inLanguage":"fr-FR"},{"@type":"Organization","@id":"https:\/\/bpcmecanique.com\/#organization","name":"Garage BPC","url":"https:\/\/bpcmecanique.com\/","logo":{"@type":"ImageObject","inLanguage":"fr-FR","@id":"https:\/\/bpcmecanique.com\/#\/schema\/logo\/image\/","url":"https:\/\/bpcmecanique.com\/wp-content\/uploads\/2025\/05\/logo-top-garage-bpc.png","contentUrl":"https:\/\/bpcmecanique.com\/wp-content\/uploads\/2025\/05\/logo-top-garage-bpc.png","width":1203,"height":200,"caption":"Garage BPC"},"image":{"@id":"https:\/\/bpcmecanique.com\/#\/schema\/logo\/image\/"}}]}},"_links":{"self":[{"href":"https:\/\/bpcmecanique.com\/index.php\/wp-json\/wp\/v2\/pages\/3","targetHints":{"allow":["GET"]}}],"collection":[{"href":"https:\/\/bpcmecanique.com\/index.php\/wp-json\/wp\/v2\/pages"}],"about":[{"href":"https:\/\/bpcmecanique.com\/index.php\/wp-json\/wp\/v2\/types\/page"}],"author":[{"embeddable":true,"href":"https:\/\/bpcmecanique.com\/index.php\/wp-json\/wp\/v2\/users\/1"}],"replies":[{"embeddable":true,"href":"https:\/\/bpcmecanique.com\/index.php\/wp-json\/wp\/v2\/comments?post=3"}],"version-history":[{"count":33,"href":"https:\/\/bpcmecanique.com\/index.php\/wp-json\/wp\/v2\/pages\/3\/revisions"}],"predecessor-version":[{"id":1179,"href":"https:\/\/bpcmecanique.com\/index.php\/wp-json\/wp\/v2\/pages\/3\/revisions\/1179"}],"wp:attachment":[{"href":"https:\/\/bpcmecanique.com\/index.php\/wp-json\/wp\/v2\/media?parent=3"}],"curies":[{"name":"wp","href":"https:\/\/api.w.org\/{rel}","templated":true}]}}